{"id":2145,"date":"2021-10-02T11:08:17","date_gmt":"2021-10-02T11:08:17","guid":{"rendered":"https:\/\/iba-capitalpartners.com\/property\/albarracin-31\/"},"modified":"2023-04-04T09:47:19","modified_gmt":"2023-04-04T09:47:19","slug":"albarracin-31","status":"publish","type":"property","link":"https:\/\/iba-capitalpartners.com\/es\/porfolio\/albarracin-31\/","title":{"rendered":"Albarrac\u00edn, 31"},"content":{"rendered":"\t\t<div data-elementor-type=\"wp-post\" data-elementor-id=\"2145\" class=\"elementor elementor-2145 elementor-557\" data-elementor-post-type=\"property\">\n\t\t\t\t\t\t\t\t\t<section class=\"elementor-section elementor-top-section elementor-element elementor-element-29059e41 elementor-section-boxed elementor-section-height-default elementor-section-height-default\" data-id=\"29059e41\" data-element_type=\"section\" data-settings=\"{&quot;jet_parallax_layout_list&quot;:[{&quot;jet_parallax_layout_image&quot;:{&quot;url&quot;:&quot;&quot;,&quot;id&quot;:&quot;&quot;,&quot;size&quot;:&quot;&quot;},&quot;_id&quot;:&quot;d25161c&quot;,&quot;jet_parallax_layout_image_tablet&quot;:{&quot;url&quot;:&quot;&quot;,&quot;id&quot;:&quot;&quot;,&quot;size&quot;:&quot;&quot;},&quot;jet_parallax_layout_image_mobile&quot;:{&quot;url&quot;:&quot;&quot;,&quot;id&quot;:&quot;&quot;,&quot;size&quot;:&quot;&quot;},&quot;jet_parallax_layout_speed&quot;:{&quot;unit&quot;:&quot;%&quot;,&quot;size&quot;:50,&quot;sizes&quot;:[]},&quot;jet_parallax_layout_type&quot;:&quot;scroll&quot;,&quot;jet_parallax_layout_direction&quot;:null,&quot;jet_parallax_layout_fx_direction&quot;:null,&quot;jet_parallax_layout_z_index&quot;:&quot;&quot;,&quot;jet_parallax_layout_bg_x&quot;:50,&quot;jet_parallax_layout_bg_x_tablet&quot;:&quot;&quot;,&quot;jet_parallax_layout_bg_x_mobile&quot;:&quot;&quot;,&quot;jet_parallax_layout_bg_y&quot;:50,&quot;jet_parallax_layout_bg_y_tablet&quot;:&quot;&quot;,&quot;jet_parallax_layout_bg_y_mobile&quot;:&quot;&quot;,&quot;jet_parallax_layout_bg_size&quot;:&quot;auto&quot;,&quot;jet_parallax_layout_bg_size_tablet&quot;:&quot;&quot;,&quot;jet_parallax_layout_bg_size_mobile&quot;:&quot;&quot;,&quot;jet_parallax_layout_animation_prop&quot;:&quot;transform&quot;,&quot;jet_parallax_layout_on&quot;:[&quot;desktop&quot;,&quot;tablet&quot;]}]}\">\n\t\t\t\t\t\t<div class=\"elementor-container elementor-column-gap-default\">\n\t\t\t\t\t<div class=\"elementor-column elementor-col-100 elementor-top-column elementor-element elementor-element-67dfdaf1\" data-id=\"67dfdaf1\" data-element_type=\"column\">\n\t\t\t<div class=\"elementor-widget-wrap elementor-element-populated\">\n\t\t\t\t\t\t\t\t<div class=\"elementor-element elementor-element-21a592d9 elementor-widget elementor-widget-text-editor\" data-id=\"21a592d9\" data-element_type=\"widget\" data-widget_type=\"text-editor.default\">\n\t\t\t\t<div class=\"elementor-widget-container\">\n\t\t\t\t\t\t\t<p class=\"p1\"><span class=\"s1\">Edificio de oficinas situado en la calle Albarrac\u00edn 31, dentro del distrito de negocios Juli\u00e1n Camarillo de Madrid. La zona limita con las famosas calles Alcal\u00e1 y Hermanos Garc\u00eda Noblejas y goza de excelentes conexiones con la ciudad y el aeropuerto. <\/span><\/p>\n<p class=\"p1\"><span class=\"s1\">El edificio tiene una superficie bruta alquilable sobre rasante de 19.727 m2, distribuida en planta baja + tres niveles, y ofrece 250 plazas de aparcamiento.<\/span><\/p>\n<p class=\"p1\"><span class=\"s1\">El inmueble est\u00e1 totalmente arrendado a un \u00fanico inquilino, la Comunidad de Madrid.<\/span><\/p>\t\t\t\t\t\t<\/div>\n\t\t\t\t<\/div>\n\t\t\t\t\t<\/div>\n\t\t<\/div>\n\t\t\t\t\t\t\t<\/div>\n\t\t<\/section>\n\t\t\t\t\t\t\t<\/div>\n\t\t","protected":false},"excerpt":{"rendered":"<p>Edificio de oficinas situado en la calle Albarrac\u00edn 31, dentro del distrito de negocios Juli\u00e1n Camarillo de Madrid. La zona limita con las famosas calles Alcal\u00e1 y Hermanos Garc\u00eda Noblejas y goza de excelentes conexiones con la ciudad y el aeropuerto. El edificio tiene una superficie bruta alquilable sobre rasante de 19.727 m2, distribuida en [&hellip;]<\/p>\n","protected":false},"featured_media":1916,"template":"","location":[12],"investment":[16],"use":[15],"class_list":["post-2145","property","type-property","status-publish","has-post-thumbnail","hentry","location-madrid","investment-core","use-office-building"],"yoast_head":"<!-- This site is optimized with the Yoast SEO plugin v26.6 - https:\/\/yoast.com\/wordpress\/plugins\/seo\/ -->\n<title>Albarrac\u00edn, 31 | Iba Capital Partners<\/title>\n<meta name=\"robots\" content=\"index, follow, max-snippet:-1, max-image-preview:large, max-video-preview:-1\" \/>\n<link rel=\"canonical\" href=\"https:\/\/iba-capitalpartners.com\/es\/estudios-caso\/albarracin-31\/\" \/>\n<meta property=\"og:locale\" content=\"es_ES\" \/>\n<meta property=\"og:type\" content=\"article\" \/>\n<meta property=\"og:title\" content=\"Albarrac\u00edn, 31 | Iba Capital Partners\" \/>\n<meta property=\"og:description\" content=\"Edificio de oficinas situado en la calle Albarrac\u00edn 31, dentro del distrito de negocios Juli\u00e1n Camarillo de Madrid. La zona limita con las famosas calles Alcal\u00e1 y Hermanos Garc\u00eda Noblejas y goza de excelentes conexiones con la ciudad y el aeropuerto. El edificio tiene una superficie bruta alquilable sobre rasante de 19.727 m2, distribuida en [&hellip;]\" \/>\n<meta property=\"og:url\" content=\"https:\/\/iba-capitalpartners.com\/es\/estudios-caso\/albarracin-31\/\" \/>\n<meta property=\"og:site_name\" content=\"Iba Capital Partners\" \/>\n<meta property=\"article:modified_time\" content=\"2023-04-04T09:47:19+00:00\" \/>\n<meta property=\"og:image\" content=\"https:\/\/iba-capitalpartners.com\/wp-content\/uploads\/2021\/02\/JPG_7148-Photo-\u00b7-Javier-de-Paz-Garcia.jpg\" \/>\n\t<meta property=\"og:image:width\" content=\"1500\" \/>\n\t<meta property=\"og:image:height\" content=\"1082\" \/>\n\t<meta property=\"og:image:type\" content=\"image\/jpeg\" \/>\n<meta name=\"twitter:card\" content=\"summary_large_image\" \/>\n<script type=\"application\/ld+json\" class=\"yoast-schema-graph\">{\"@context\":\"https:\/\/schema.org\",\"@graph\":[{\"@type\":\"WebPage\",\"@id\":\"https:\/\/iba-capitalpartners.com\/es\/estudios-caso\/albarracin-31\/\",\"url\":\"https:\/\/iba-capitalpartners.com\/es\/estudios-caso\/albarracin-31\/\",\"name\":\"Albarrac\u00edn, 31 | Iba Capital Partners\",\"isPartOf\":{\"@id\":\"https:\/\/iba-capitalpartners.com\/#website\"},\"primaryImageOfPage\":{\"@id\":\"https:\/\/iba-capitalpartners.com\/es\/estudios-caso\/albarracin-31\/#primaryimage\"},\"image\":{\"@id\":\"https:\/\/iba-capitalpartners.com\/es\/estudios-caso\/albarracin-31\/#primaryimage\"},\"thumbnailUrl\":\"https:\/\/iba-capitalpartners.com\/wp-content\/uploads\/2021\/02\/JPG_7148-Photo-\u00b7-Javier-de-Paz-Garcia.jpg\",\"datePublished\":\"2021-10-02T11:08:17+00:00\",\"dateModified\":\"2023-04-04T09:47:19+00:00\",\"breadcrumb\":{\"@id\":\"https:\/\/iba-capitalpartners.com\/es\/estudios-caso\/albarracin-31\/#breadcrumb\"},\"inLanguage\":\"es\",\"potentialAction\":[{\"@type\":\"ReadAction\",\"target\":[\"https:\/\/iba-capitalpartners.com\/es\/estudios-caso\/albarracin-31\/\"]}]},{\"@type\":\"ImageObject\",\"inLanguage\":\"es\",\"@id\":\"https:\/\/iba-capitalpartners.com\/es\/estudios-caso\/albarracin-31\/#primaryimage\",\"url\":\"https:\/\/iba-capitalpartners.com\/wp-content\/uploads\/2021\/02\/JPG_7148-Photo-\u00b7-Javier-de-Paz-Garcia.jpg\",\"contentUrl\":\"https:\/\/iba-capitalpartners.com\/wp-content\/uploads\/2021\/02\/JPG_7148-Photo-\u00b7-Javier-de-Paz-Garcia.jpg\",\"width\":1500,\"height\":1082},{\"@type\":\"BreadcrumbList\",\"@id\":\"https:\/\/iba-capitalpartners.com\/es\/estudios-caso\/albarracin-31\/#breadcrumb\",\"itemListElement\":[{\"@type\":\"ListItem\",\"position\":1,\"name\":\"Home\",\"item\":\"https:\/\/iba-capitalpartners.com\/es\/\"},{\"@type\":\"ListItem\",\"position\":2,\"name\":\"Properties\",\"item\":\"https:\/\/iba-capitalpartners.com\/property\/\"},{\"@type\":\"ListItem\",\"position\":3,\"name\":\"Albarrac\u00edn, 31\"}]},{\"@type\":\"WebSite\",\"@id\":\"https:\/\/iba-capitalpartners.com\/#website\",\"url\":\"https:\/\/iba-capitalpartners.com\/\",\"name\":\"Iba Capital Partners\",\"description\":\"Otro sitio realizado con WordPress\",\"publisher\":{\"@id\":\"https:\/\/iba-capitalpartners.com\/#organization\"},\"potentialAction\":[{\"@type\":\"SearchAction\",\"target\":{\"@type\":\"EntryPoint\",\"urlTemplate\":\"https:\/\/iba-capitalpartners.com\/?s={search_term_string}\"},\"query-input\":{\"@type\":\"PropertyValueSpecification\",\"valueRequired\":true,\"valueName\":\"search_term_string\"}}],\"inLanguage\":\"es\"},{\"@type\":\"Organization\",\"@id\":\"https:\/\/iba-capitalpartners.com\/#organization\",\"name\":\"IBA Capital Partners\",\"url\":\"https:\/\/iba-capitalpartners.com\/\",\"logo\":{\"@type\":\"ImageObject\",\"inLanguage\":\"es\",\"@id\":\"https:\/\/iba-capitalpartners.com\/#\/schema\/logo\/image\/\",\"url\":\"https:\/\/iba-capitalpartners.com\/wp-content\/uploads\/2021\/02\/2020-LOGO-IBA-color.png\",\"contentUrl\":\"https:\/\/iba-capitalpartners.com\/wp-content\/uploads\/2021\/02\/2020-LOGO-IBA-color.png\",\"width\":460,\"height\":110,\"caption\":\"IBA Capital Partners\"},\"image\":{\"@id\":\"https:\/\/iba-capitalpartners.com\/#\/schema\/logo\/image\/\"}}]}<\/script>\n<!-- \/ Yoast SEO plugin. -->","yoast_head_json":{"title":"Albarrac\u00edn, 31 | Iba Capital Partners","robots":{"index":"index","follow":"follow","max-snippet":"max-snippet:-1","max-image-preview":"max-image-preview:large","max-video-preview":"max-video-preview:-1"},"canonical":"https:\/\/iba-capitalpartners.com\/es\/estudios-caso\/albarracin-31\/","og_locale":"es_ES","og_type":"article","og_title":"Albarrac\u00edn, 31 | Iba Capital Partners","og_description":"Edificio de oficinas situado en la calle Albarrac\u00edn 31, dentro del distrito de negocios Juli\u00e1n Camarillo de Madrid. La zona limita con las famosas calles Alcal\u00e1 y Hermanos Garc\u00eda Noblejas y goza de excelentes conexiones con la ciudad y el aeropuerto. El edificio tiene una superficie bruta alquilable sobre rasante de 19.727 m2, distribuida en [&hellip;]","og_url":"https:\/\/iba-capitalpartners.com\/es\/estudios-caso\/albarracin-31\/","og_site_name":"Iba Capital Partners","article_modified_time":"2023-04-04T09:47:19+00:00","og_image":[{"width":1500,"height":1082,"url":"https:\/\/iba-capitalpartners.com\/wp-content\/uploads\/2021\/02\/JPG_7148-Photo-\u00b7-Javier-de-Paz-Garcia.jpg","type":"image\/jpeg"}],"twitter_card":"summary_large_image","schema":{"@context":"https:\/\/schema.org","@graph":[{"@type":"WebPage","@id":"https:\/\/iba-capitalpartners.com\/es\/estudios-caso\/albarracin-31\/","url":"https:\/\/iba-capitalpartners.com\/es\/estudios-caso\/albarracin-31\/","name":"Albarrac\u00edn, 31 | Iba Capital Partners","isPartOf":{"@id":"https:\/\/iba-capitalpartners.com\/#website"},"primaryImageOfPage":{"@id":"https:\/\/iba-capitalpartners.com\/es\/estudios-caso\/albarracin-31\/#primaryimage"},"image":{"@id":"https:\/\/iba-capitalpartners.com\/es\/estudios-caso\/albarracin-31\/#primaryimage"},"thumbnailUrl":"https:\/\/iba-capitalpartners.com\/wp-content\/uploads\/2021\/02\/JPG_7148-Photo-\u00b7-Javier-de-Paz-Garcia.jpg","datePublished":"2021-10-02T11:08:17+00:00","dateModified":"2023-04-04T09:47:19+00:00","breadcrumb":{"@id":"https:\/\/iba-capitalpartners.com\/es\/estudios-caso\/albarracin-31\/#breadcrumb"},"inLanguage":"es","potentialAction":[{"@type":"ReadAction","target":["https:\/\/iba-capitalpartners.com\/es\/estudios-caso\/albarracin-31\/"]}]},{"@type":"ImageObject","inLanguage":"es","@id":"https:\/\/iba-capitalpartners.com\/es\/estudios-caso\/albarracin-31\/#primaryimage","url":"https:\/\/iba-capitalpartners.com\/wp-content\/uploads\/2021\/02\/JPG_7148-Photo-\u00b7-Javier-de-Paz-Garcia.jpg","contentUrl":"https:\/\/iba-capitalpartners.com\/wp-content\/uploads\/2021\/02\/JPG_7148-Photo-\u00b7-Javier-de-Paz-Garcia.jpg","width":1500,"height":1082},{"@type":"BreadcrumbList","@id":"https:\/\/iba-capitalpartners.com\/es\/estudios-caso\/albarracin-31\/#breadcrumb","itemListElement":[{"@type":"ListItem","position":1,"name":"Home","item":"https:\/\/iba-capitalpartners.com\/es\/"},{"@type":"ListItem","position":2,"name":"Properties","item":"https:\/\/iba-capitalpartners.com\/property\/"},{"@type":"ListItem","position":3,"name":"Albarrac\u00edn, 31"}]},{"@type":"WebSite","@id":"https:\/\/iba-capitalpartners.com\/#website","url":"https:\/\/iba-capitalpartners.com\/","name":"Iba Capital Partners","description":"Otro sitio realizado con WordPress","publisher":{"@id":"https:\/\/iba-capitalpartners.com\/#organization"},"potentialAction":[{"@type":"SearchAction","target":{"@type":"EntryPoint","urlTemplate":"https:\/\/iba-capitalpartners.com\/?s={search_term_string}"},"query-input":{"@type":"PropertyValueSpecification","valueRequired":true,"valueName":"search_term_string"}}],"inLanguage":"es"},{"@type":"Organization","@id":"https:\/\/iba-capitalpartners.com\/#organization","name":"IBA Capital Partners","url":"https:\/\/iba-capitalpartners.com\/","logo":{"@type":"ImageObject","inLanguage":"es","@id":"https:\/\/iba-capitalpartners.com\/#\/schema\/logo\/image\/","url":"https:\/\/iba-capitalpartners.com\/wp-content\/uploads\/2021\/02\/2020-LOGO-IBA-color.png","contentUrl":"https:\/\/iba-capitalpartners.com\/wp-content\/uploads\/2021\/02\/2020-LOGO-IBA-color.png","width":460,"height":110,"caption":"IBA Capital Partners"},"image":{"@id":"https:\/\/iba-capitalpartners.com\/#\/schema\/logo\/image\/"}}]}},"_links":{"self":[{"href":"https:\/\/iba-capitalpartners.com\/es\/wp-json\/wp\/v2\/property\/2145","targetHints":{"allow":["GET"]}}],"collection":[{"href":"https:\/\/iba-capitalpartners.com\/es\/wp-json\/wp\/v2\/property"}],"about":[{"href":"https:\/\/iba-capitalpartners.com\/es\/wp-json\/wp\/v2\/types\/property"}],"version-history":[{"count":8,"href":"https:\/\/iba-capitalpartners.com\/es\/wp-json\/wp\/v2\/property\/2145\/revisions"}],"predecessor-version":[{"id":3619,"href":"https:\/\/iba-capitalpartners.com\/es\/wp-json\/wp\/v2\/property\/2145\/revisions\/3619"}],"wp:featuredmedia":[{"embeddable":true,"href":"https:\/\/iba-capitalpartners.com\/es\/wp-json\/wp\/v2\/media\/1916"}],"wp:attachment":[{"href":"https:\/\/iba-capitalpartners.com\/es\/wp-json\/wp\/v2\/media?parent=2145"}],"wp:term":[{"taxonomy":"location","embeddable":true,"href":"https:\/\/iba-capitalpartners.com\/es\/wp-json\/wp\/v2\/location?post=2145"},{"taxonomy":"investment","embeddable":true,"href":"https:\/\/iba-capitalpartners.com\/es\/wp-json\/wp\/v2\/investment?post=2145"},{"taxonomy":"use","embeddable":true,"href":"https:\/\/iba-capitalpartners.com\/es\/wp-json\/wp\/v2\/use?post=2145"}],"curies":[{"name":"wp","href":"https:\/\/api.w.org\/{rel}","templated":true}]}}